{"id":3101,"date":"2022-05-06T09:25:46","date_gmt":"2022-05-06T09:25:46","guid":{"rendered":"https:\/\/bellvitge.escolateresiana.com\/fundacion-escuela-teresiana\/"},"modified":"2024-05-16T13:46:00","modified_gmt":"2024-05-16T13:46:00","slug":"fundacion-escuela-teresiana","status":"publish","type":"page","link":"https:\/\/bellvitge.escolateresiana.com\/es\/fundacion-escuela-teresiana\/","title":{"rendered":"Fundaci\u00f3n Escuela Teresiana"},"content":{"rendered":"<p>[vc_row css_animation=\u00bb\u00bb row_type=\u00bbrow\u00bb use_row_as_full_screen_section=\u00bbno\u00bb type=\u00bbfull_width\u00bb angled_section=\u00bbno\u00bb text_align=\u00bbleft\u00bb background_image_as_pattern=\u00bbwithout_pattern\u00bb][vc_column][qode_elements_holder number_of_columns=\u00bbtwo_columns\u00bb][qode_elements_holder_item advanced_animations=\u00bbno\u00bb item_padding=\u00bb0px 60px 0px 60px\u00bb][vc_column_text]<\/p>\n<h2><span style=\"color: #45ac34;\">La Fundaci\u00f3n<\/span><\/h2>\n<p>&nbsp;<\/p>\n<p>La entidad titular de nuestro colegio es la <strong>Fundaci\u00f3n Escuela Teresiana<\/strong>, creada por la Compa\u00f1\u00eda de Santa Teresa de Jes\u00fas en diciembre de 2009. Nace para dar respuesta a los retos del mundo actual desde el \u00e1mbito educativo: la globalizaci\u00f3n, las nuevas tecnolog\u00edas, la multiculturalidad, la secularizaci\u00f3n, as\u00ed como los cambios legislativos que requieren constantes actualizaciones. Esta gran familia est\u00e1 formada por veinti\u00fan colegios en Espa\u00f1a.<\/p>\n<p>&nbsp;<\/p>\n<p>Su finalidad es educativa, seg\u00fan el esp\u00edritu evang\u00e9lico, la doctrina de la Iglesia Cat\u00f3lica y el carisma teresiano de <strong>San Enrique de Oss\u00f3<\/strong> , expresado as\u00ed en el Car\u00e1cter Propio de la entidad fundadora. La Fundaci\u00f3n es una entidad privada de \u00e1mbito estatal, con fines de inter\u00e9s general y sin \u00e1nimo de lucro.<\/p>\n<p>&nbsp;<\/p>\n<p>Para m\u00e1s informaci\u00f3n,[\/vc_column_text][vc_empty_space height=\u00bb20px\u00bb]<div class='image_hover ' style='' data-transition-delay=''><div class='images_holder'><a itemprop='url' href='https:\/\/escuelateresiana.com\/' target='_blank'><img itemprop='image' class='active_image ' src='https:\/\/bellvitge.escolateresiana.com\/wp-content\/uploads\/2022\/05\/logo-fundacion-escuela-teresiana-2.png' alt='' style='' \/><img itemprop='image' class='hover_image' src='https:\/\/bellvitge.escolateresiana.com\/wp-content\/uploads\/2022\/05\/logo-fundacion-escuela-teresiana-gris.png' alt='' style='' \/><\/a><\/div><\/div>[\/qode_elements_holder_item][qode_elements_holder_item advanced_animations=\u00bbno\u00bb][vc_single_image image=\u00bb3057&#8243; img_size=\u00bbfull\u00bb qode_css_animation=\u00bb\u00bb][\/qode_elements_holder_item][\/qode_elements_holder][\/vc_column][\/vc_row][vc_row css_animation=\u00bbelement_from_right\u00bb row_type=\u00bbrow\u00bb use_row_as_full_screen_section=\u00bbno\u00bb type=\u00bbfull_width\u00bb angled_section=\u00bbno\u00bb text_align=\u00bbleft\u00bb background_image_as_pattern=\u00bbwithout_pattern\u00bb css=\u00bb.vc_custom_1668441531498{background-color: #ffffff !important;}\u00bb z_index=\u00bb\u00bb][vc_column css_animation=\u00bbfadeIn\u00bb][vc_empty_space][vc_column_text]<\/p>\n<h3><span style=\"color: #45ac34; margin-left: 60px;\">NUESTRA ESENCIA<\/span><\/h3>\n<p>[\/vc_column_text][vc_empty_space][qode_elements_holder number_of_columns=\u00bbfour_columns\u00bb][qode_elements_holder_item advanced_animations=\u00bbno\u00bb item_padding=\u00bb0px 60px 0px 60px\u00bb][vc_column_text]<strong>Origen:<\/strong><\/p>\n<p>&nbsp;<\/p>\n<p><strong>San Enrique de Oss\u00f3<\/strong>, como fundador de la Compa\u00f1\u00eda; y <strong>Santa Teresa de Jes\u00fas<\/strong>, como inspiradora de la tarea educativa de las teresianas.[\/vc_column_text][\/qode_elements_holder_item][qode_elements_holder_item advanced_animations=\u00bbno\u00bb][vc_column_text]<img loading=\"lazy\" decoding=\"async\" class=\"alignnone wp-image-1888 size-full\" src=\"https:\/\/bellvitge.escolateresiana.com\/wp-content\/uploads\/2023\/02\/FOTO_15-Galeria-de-pagina-escuela.jpg\" alt=\"\" width=\"1025\" height=\"769\" srcset=\"https:\/\/bellvitge.escolateresiana.com\/wp-content\/uploads\/2023\/02\/FOTO_15-Galeria-de-pagina-escuela.jpg 1025w, https:\/\/bellvitge.escolateresiana.com\/wp-content\/uploads\/2023\/02\/FOTO_15-Galeria-de-pagina-escuela-300x225.jpg 300w, https:\/\/bellvitge.escolateresiana.com\/wp-content\/uploads\/2023\/02\/FOTO_15-Galeria-de-pagina-escuela-768x576.jpg 768w, https:\/\/bellvitge.escolateresiana.com\/wp-content\/uploads\/2023\/02\/FOTO_15-Galeria-de-pagina-escuela-800x600.jpg 800w, https:\/\/bellvitge.escolateresiana.com\/wp-content\/uploads\/2023\/02\/FOTO_15-Galeria-de-pagina-escuela-700x525.jpg 700w\" sizes=\"auto, (max-width: 1025px) 100vw, 1025px\" \/>[\/vc_column_text][\/qode_elements_holder_item][qode_elements_holder_item advanced_animations=\u00bbno\u00bb item_padding=\u00bb0px 60px 0px 60px\u00bb][vc_column_text]<strong>Finalidad:<\/strong><\/p>\n<p>&nbsp;<\/p>\n<p>Formamos personas capaces de vivir desde la interioridad, desde la reflexi\u00f3n y el autoconocimiento, abiertas a la realidad que les rodea.[\/vc_column_text][\/qode_elements_holder_item][qode_elements_holder_item advanced_animations=\u00bbno\u00bb][vc_column_text]<img loading=\"lazy\" decoding=\"async\" class=\"alignnone wp-image-1890 size-full\" src=\"https:\/\/bellvitge.escolateresiana.com\/wp-content\/uploads\/2023\/02\/FOTO_17-Galeria-de-pagina-escuela.jpg\" alt=\"\" width=\"1025\" height=\"769\" srcset=\"https:\/\/bellvitge.escolateresiana.com\/wp-content\/uploads\/2023\/02\/FOTO_17-Galeria-de-pagina-escuela.jpg 1025w, https:\/\/bellvitge.escolateresiana.com\/wp-content\/uploads\/2023\/02\/FOTO_17-Galeria-de-pagina-escuela-300x225.jpg 300w, https:\/\/bellvitge.escolateresiana.com\/wp-content\/uploads\/2023\/02\/FOTO_17-Galeria-de-pagina-escuela-768x576.jpg 768w, https:\/\/bellvitge.escolateresiana.com\/wp-content\/uploads\/2023\/02\/FOTO_17-Galeria-de-pagina-escuela-800x600.jpg 800w, https:\/\/bellvitge.escolateresiana.com\/wp-content\/uploads\/2023\/02\/FOTO_17-Galeria-de-pagina-escuela-700x525.jpg 700w\" sizes=\"auto, (max-width: 1025px) 100vw, 1025px\" \/>[\/vc_column_text][\/qode_elements_holder_item][\/qode_elements_holder][qode_elements_holder number_of_columns=\u00bbfour_columns\u00bb][qode_elements_holder_item advanced_animations=\u00bbno\u00bb][vc_single_image image=\u00bb2814&#8243; img_size=\u00bbfull\u00bb qode_css_animation=\u00bb\u00bb][\/qode_elements_holder_item][qode_elements_holder_item advanced_animations=\u00bbno\u00bb item_padding=\u00bb0px 60px 0px 60px\u00bb][vc_column_text]<strong>Misi\u00f3n:<\/strong><\/p>\n<p>&nbsp;<\/p>\n<p>Cada ni\u00f1o que llega a nuestra escuela lo hace con un bagaje de vivencias que le hace \u00fanico. Nuestra misi\u00f3n es <strong>ayudarle a crecer<\/strong> para que sea un ciudadano responsable, respetando su singularidad.[\/vc_column_text][\/qode_elements_holder_item][qode_elements_holder_item advanced_animations=\u00bbno\u00bb][vc_column_text]<img loading=\"lazy\" decoding=\"async\" class=\"alignnone wp-image-1889 size-full\" src=\"https:\/\/bellvitge.escolateresiana.com\/wp-content\/uploads\/2023\/02\/FOTO_16-Galeria-de-pagina-escuela.jpg\" alt=\"\" width=\"1025\" height=\"769\" srcset=\"https:\/\/bellvitge.escolateresiana.com\/wp-content\/uploads\/2023\/02\/FOTO_16-Galeria-de-pagina-escuela.jpg 1025w, https:\/\/bellvitge.escolateresiana.com\/wp-content\/uploads\/2023\/02\/FOTO_16-Galeria-de-pagina-escuela-300x225.jpg 300w, https:\/\/bellvitge.escolateresiana.com\/wp-content\/uploads\/2023\/02\/FOTO_16-Galeria-de-pagina-escuela-768x576.jpg 768w, https:\/\/bellvitge.escolateresiana.com\/wp-content\/uploads\/2023\/02\/FOTO_16-Galeria-de-pagina-escuela-800x600.jpg 800w, https:\/\/bellvitge.escolateresiana.com\/wp-content\/uploads\/2023\/02\/FOTO_16-Galeria-de-pagina-escuela-700x525.jpg 700w\" sizes=\"auto, (max-width: 1025px) 100vw, 1025px\" \/>[\/vc_column_text][\/qode_elements_holder_item][qode_elements_holder_item advanced_animations=\u00bbno\u00bb item_padding=\u00bb0px 60px 0px 60px\u00bb][vc_column_text]<strong>Estilo:<\/strong><\/p>\n<p>&nbsp;<\/p>\n<p>Nuestro estilo educativo se basa en el valor del encuentro y la relaci\u00f3n. Nuestra escuela es:<\/p>\n<ul>\n<li>escuela en Pastoral<\/li>\n<li>escuela abierta<\/li>\n<li>escuela que opta por la persona<\/li>\n<li>escuela de calidad<\/li>\n<\/ul>\n<p>[\/vc_column_text][\/qode_elements_holder_item][\/qode_elements_holder][\/vc_column][\/vc_row][vc_row css_animation=\u00bb\u00bb row_type=\u00bbrow\u00bb use_row_as_full_screen_section=\u00bbno\u00bb type=\u00bbfull_width\u00bb angled_section=\u00bbno\u00bb text_align=\u00bbleft\u00bb background_image_as_pattern=\u00bbwithout_pattern\u00bb][vc_column][vc_empty_space height=\u00bb60px\u00bb][vc_column_text]<\/p>\n<h3><span style=\"color: #45ac34; margin-left: 60px;\">DESCARGAR DOCUMENTOS<\/span><\/h3>\n<p>[\/vc_column_text][vc_empty_space height=\u00bb50px\u00bb][qode_elements_holder number_of_columns=\u00bbthree_columns\u00bb][qode_elements_holder_item advanced_animations=\u00bbno\u00bb][vc_single_image image=\u00bb2515&#8243; img_size=\u00bbfull\u00bb alignment=\u00bbcenter\u00bb onclick=\u00bbcustom_link\u00bb img_link_target=\u00bb_blank\u00bb qode_css_animation=\u00bb\u00bb link=\u00bbhttps:\/\/bellvitge.escolateresiana.com\/wp-content\/uploads\/2023\/01\/PDF_PEI_LOW.pdf\u00bb][vc_empty_space][vc_column_text]<\/p>\n<p style=\"text-align: center;\"><a href=\"https:\/\/bellvitge.escolateresiana.com\/wp-content\/uploads\/2023\/01\/PDF_PEI_LOW.pdf\" target=\"_blank\" rel=\"noopener\">Proyecto Educativo Institucional (PEI)<\/a> .<\/p>\n<p>[\/vc_column_text][vc_empty_space][\/qode_elements_holder_item][qode_elements_holder_item advanced_animations=\u00bbno\u00bb][vc_single_image image=\u00bb3408&#8243; img_size=\u00bbmedium\u00bb alignment=\u00bbcenter\u00bb onclick=\u00bbcustom_link\u00bb img_link_target=\u00bb_blank\u00bb qode_css_animation=\u00bb\u00bb link=\u00bbhttps:\/\/bellvitge.escolateresiana.com\/wp-content\/uploads\/2024\/05\/propuesta_educativa_teresiana_cast.pdf\u00bb][vc_empty_space][vc_column_text]<\/p>\n<p style=\"text-align: center;\"><a href=\"https:\/\/bellvitge.escolateresiana.com\/wp-content\/uploads\/2024\/05\/propuesta_educativa_teresiana_cast.pdf\" target=\"_blank\" rel=\"noopener\">Propuesta Educativa Teresiana (PET)<\/a><\/p>\n<p>[\/vc_column_text][vc_empty_space][\/qode_elements_holder_item][qode_elements_holder_item advanced_animations=\u00bbno\u00bb][vc_single_image image=\u00bb3414&#8243; img_size=\u00bbmedium\u00bb alignment=\u00bbcenter\u00bb onclick=\u00bbcustom_link\u00bb img_link_target=\u00bb_blank\u00bb qode_css_animation=\u00bb\u00bb link=\u00bbhttps:\/\/bellvitge.escolateresiana.com\/wp-content\/uploads\/2024\/05\/identidad_de_la_escuela_teresiana_cast.pdf\u00bb][vc_empty_space][vc_column_text]<\/p>\n<p style=\"text-align: center;\"><a href=\"https:\/\/bellvitge.escolateresiana.com\/wp-content\/uploads\/2024\/05\/identidad_de_la_escuela_teresiana_cast.pdf\" target=\"_blank\" rel=\"noopener\">Car\u00e1cter propio<\/a><\/p>\n<p>[\/vc_column_text][vc_empty_space][\/qode_elements_holder_item][\/qode_elements_holder][\/vc_column][\/vc_row]<\/p>\n","protected":false},"excerpt":{"rendered":"<p>[vc_row css_animation=\u00bb\u00bb row_type=\u00bbrow\u00bb use_row_as_full_screen_section=\u00bbno\u00bb type=\u00bbfull_width\u00bb angled_section=\u00bbno\u00bb text_align=\u00bbleft\u00bb background_image_as_pattern=\u00bbwithout_pattern\u00bb][vc_column][qode_elements_holder number_of_columns=\u00bbtwo_columns\u00bb][qode_elements_holder_item advanced_animations=\u00bbno\u00bb item_padding=\u00bb0px 60px 0px 60px\u00bb][vc_column_text] La Fundaci\u00f3n &nbsp; La entidad titular de nuestro colegio es la Fundaci\u00f3n Escuela Teresiana, creada por la Compa\u00f1\u00eda de Santa Teresa de Jes\u00fas en diciembre de 2009. Nace para dar respuesta&#8230;<\/p>\n","protected":false},"author":1,"featured_media":0,"parent":0,"menu_order":0,"comment_status":"closed","ping_status":"closed","template":"full_width.php","meta":{"footnotes":""},"class_list":["post-3101","page","type-page","status-publish","hentry"],"_links":{"self":[{"href":"https:\/\/bellvitge.escolateresiana.com\/es\/wp-json\/wp\/v2\/pages\/3101","targetHints":{"allow":["GET"]}}],"collection":[{"href":"https:\/\/bellvitge.escolateresiana.com\/es\/wp-json\/wp\/v2\/pages"}],"about":[{"href":"https:\/\/bellvitge.escolateresiana.com\/es\/wp-json\/wp\/v2\/types\/page"}],"author":[{"embeddable":true,"href":"https:\/\/bellvitge.escolateresiana.com\/es\/wp-json\/wp\/v2\/users\/1"}],"replies":[{"embeddable":true,"href":"https:\/\/bellvitge.escolateresiana.com\/es\/wp-json\/wp\/v2\/comments?post=3101"}],"version-history":[{"count":8,"href":"https:\/\/bellvitge.escolateresiana.com\/es\/wp-json\/wp\/v2\/pages\/3101\/revisions"}],"predecessor-version":[{"id":3424,"href":"https:\/\/bellvitge.escolateresiana.com\/es\/wp-json\/wp\/v2\/pages\/3101\/revisions\/3424"}],"wp:attachment":[{"href":"https:\/\/bellvitge.escolateresiana.com\/es\/wp-json\/wp\/v2\/media?parent=3101"}],"curies":[{"name":"wp","href":"https:\/\/api.w.org\/{rel}","templated":true}]}}