{"id":3110,"date":"2022-05-31T14:54:30","date_gmt":"2022-05-31T14:54:30","guid":{"rendered":"https:\/\/bellvitge.escolateresiana.com\/familias\/"},"modified":"2024-05-16T08:31:00","modified_gmt":"2024-05-16T08:31:00","slug":"familias","status":"publish","type":"page","link":"https:\/\/bellvitge.escolateresiana.com\/es\/familias\/","title":{"rendered":"Familias"},"content":{"rendered":"<p>[vc_row css_animation=\u00bb\u00bb row_type=\u00bbrow\u00bb use_row_as_full_screen_section=\u00bbno\u00bb type=\u00bbfull_width\u00bb angled_section=\u00bbno\u00bb text_align=\u00bbleft\u00bb background_image_as_pattern=\u00bbwithout_pattern\u00bb][vc_column][qode_elements_holder number_of_columns=\u00bbtwo_columns\u00bb][qode_elements_holder_item advanced_animations=\u00bbno\u00bb][vc_single_image image=\u00bb2823&#8243; img_size=\u00bbfull\u00bb qode_css_animation=\u00bb\u00bb][\/qode_elements_holder_item][qode_elements_holder_item cover=\u00bbyes\u00bb advanced_animations=\u00bbno\u00bb item_padding=\u00bb0px 30px 0px 30px\u00bb background_image=\u00bb739&#8243;][vc_column_text]<\/p>\n<h2><span style=\"color: #ffffff;\">EDUCAMOS JUNTOS<\/span><\/h2>\n<h4 style=\"font-family: Dancing Script; font-size: 34px; line-height: 150%;\"><span style=\"color: #ffffff;\">\u201cEntrar en la escuela es como entrar en nuestra casa. Valoramos el trato cercano que recibimos, basado en la confianza mutua y el respeto\u201d.<\/span><\/h4>\n<p>[\/vc_column_text][\/qode_elements_holder_item][\/qode_elements_holder][\/vc_column][\/vc_row][vc_row css_animation=\u00bb\u00bb row_type=\u00bbrow\u00bb use_row_as_full_screen_section=\u00bbno\u00bb type=\u00bbgrid\u00bb angled_section=\u00bbno\u00bb text_align=\u00bbleft\u00bb background_image_as_pattern=\u00bbwithout_pattern\u00bb z_index=\u00bb\u00bb background_color=\u00bb#ffffff\u00bb][vc_column][qode_elements_holder background_color=\u00bb#ffffff\u00bb number_of_columns=\u00bbone_column\u00bb][qode_elements_holder_item advanced_animations=\u00bbno\u00bb][vc_empty_space height=\u00bb50px\u00bb][vc_column_text]<\/p>\n<h4 style=\"text-align: center;\"><span lang=\"es\">Abrir la escuela a las familias, acogerlas e integrarlas para potenciar su implicaci\u00f3n y su compromiso es fundamental. Los padres, madres, abuelos\u2026 son agentes muy apreciados dentro de nuestra comunidad, le ayudan a crecer y hacen m\u00e1s enriquecedora la labor educativa compartida. La participaci\u00f3n de las familias en la escuela lleva impl\u00edcita una <b>comunicaci\u00f3n<\/b> fluida, a trav\u00e9s de varios canales, para hacerles c\u00f3mplices de nuestro proyecto.<\/span><\/h4>\n<p>[\/vc_column_text][vc_empty_space height=\u00bb50px\u00bb][\/qode_elements_holder_item][\/qode_elements_holder][\/vc_column][\/vc_row][vc_row css_animation=\u00bb\u00bb row_type=\u00bbrow\u00bb use_row_as_full_screen_section=\u00bbno\u00bb type=\u00bbfull_width\u00bb angled_section=\u00bbno\u00bb text_align=\u00bbleft\u00bb background_image_as_pattern=\u00bbwithout_pattern\u00bb][vc_column][qode_elements_holder number_of_columns=\u00bbtwo_columns\u00bb][qode_elements_holder_item advanced_animations=\u00bbno\u00bb item_padding=\u00bb0px 30px 0px 30px\u00bb][vc_column_text]<\/p>\n<h2><span style=\"color: rgba(69,172,52,1);\">\u00a1VISITA EL AULA!<\/span><\/h2>\n<p>&nbsp;<\/p>\n<p>Nos gusta que las familias compartan momentos de la vida escolar de sus hijos e hijas, aportando a la escuela su saber, experiencias sobre su profesi\u00f3n, aficiones o cualquier otro tema que pueda resultar interesante desde el punto de vista educativo.[\/vc_column_text][\/qode_elements_holder_item][qode_elements_holder_item advanced_animations=\u00bbno\u00bb][vc_single_image image=\u00bb2824&#8243; img_size=\u00bbfull\u00bb qode_css_animation=\u00bb\u00bb][\/qode_elements_holder_item][\/qode_elements_holder][\/vc_column][\/vc_row][vc_row css_animation=\u00bb\u00bb row_type=\u00bbrow\u00bb use_row_as_full_screen_section=\u00bbno\u00bb type=\u00bbfull_width\u00bb angled_section=\u00bbno\u00bb text_align=\u00bbleft\u00bb background_image_as_pattern=\u00bbwithout_pattern\u00bb z_index=\u00bb\u00bb background_color=\u00bb#ffffff\u00bb][vc_column][vc_empty_space][\/vc_column][\/vc_row][vc_row css_animation=\u00bb\u00bb row_type=\u00bbrow\u00bb use_row_as_full_screen_section=\u00bbno\u00bb type=\u00bbfull_width\u00bb angled_section=\u00bbno\u00bb text_align=\u00bbcenter\u00bb background_image_as_pattern=\u00bbwithout_pattern\u00bb z_index=\u00bb\u00bb css=\u00bb.vc_custom_1673522775923{background-color: #ffffff !important;}\u00bb][vc_column css_animation=\u00bbfadeInDown\u00bb width=\u00bb1\/4&#8243;][vc_single_image image=\u00bb3054&#8243; img_size=\u00bbfull\u00bb qode_css_animation=\u00bb\u00bb][vc_empty_space][vc_column_text css=\u00bb.vc_custom_1677487092296{padding-right: 40px !important;padding-left: 40px !important;}\u00bb]<\/p>\n<h4 class=\"qode-info-card-title\" style=\"text-align: center;\">ASOCIACI\u00d3N DE PADRES Y MADRES (AMPA)<\/h4>\n<p>&nbsp;<\/p>\n<p style=\"text-align: center;\">El AMPA representa a las familias asociadas de nuestra escuela, implicadas activamente en el d\u00eda a d\u00eda de nuestro centro:<\/p>\n<ul>\n<li style=\"text-align: center;\">Colabora en las distintas campa\u00f1as y celebraciones.<\/li>\n<li style=\"text-align: center;\">Organiza actividades formativas para las familias.<\/li>\n<li style=\"text-align: center;\">Tiene representaci\u00f3n en el Consejo Escolar y en la Comisi\u00f3n de Convivencia.<\/li>\n<li style=\"text-align: center;\">Colabora en diversas labores del centro escolar.<\/li>\n<\/ul>\n<p>[\/vc_column_text][vc_empty_space][\/vc_column][vc_column css_animation=\u00bbfadeInUp\u00bb width=\u00bb1\/4&#8243;][vc_single_image image=\u00bb2826&#8243; img_size=\u00bbfull\u00bb qode_css_animation=\u00bb\u00bb][vc_empty_space][vc_column_text css=\u00bb.vc_custom_1715848233625{padding-right: 40px !important;padding-left: 40px !important;}\u00bb]<\/p>\n<h4 class=\"qode-info-card-title\" style=\"text-align: center;\">COMISI\u00d3N DE CONVIVENCIA<\/h4>\n<p>&nbsp;<\/p>\n<p style=\"text-align: center;\">Dos representantes de las familias del centro participan en esta comisi\u00f3n que colabora cada curso en el seguimiento del plan de convivencia del centro, y fomenta las buenas relaciones de la comunidad educativa. Adem\u00e1s, promueve la prevenci\u00f3n de conflictos y colabora en la resoluci\u00f3n de los mismos.<\/p>\n<p>[\/vc_column_text][vc_empty_space][\/vc_column][vc_column css_animation=\u00bbfadeInUp\u00bb width=\u00bb1\/4&#8243;][vc_single_image image=\u00bb2827&#8243; img_size=\u00bbfull\u00bb qode_css_animation=\u00bb\u00bb][vc_empty_space][vc_column_text css=\u00bb.vc_custom_1675846989448{padding-right: 40px !important;padding-left: 40px !important;}\u00bb]<\/p>\n<h4 class=\"qode-info-card-title\" style=\"text-align: center;\">CONSEJO ESCOLAR<\/h4>\n<p>&nbsp;<\/p>\n<p class=\"qode-info-card-text\" style=\"text-align: center;\">Las familias participan en este \u00f3rgano representativo de la Comunidad Educativa a trav\u00e9s de cuatro representantes de los padres y madres, escogidos cada dos a\u00f1os por las familias del colegio. Desde el Consejo Escolar participan de la vida del centro y velan por el buen funcionamiento del mismo.<\/p>\n<p>[\/vc_column_text][vc_empty_space][\/vc_column][vc_column css_animation=\u00bbfadeInDown\u00bb width=\u00bb1\/4&#8243;][vc_single_image image=\u00bb3055&#8243; img_size=\u00bbfull\u00bb onclick=\u00bbcustom_link\u00bb qode_css_animation=\u00bb\u00bb link=\u00bbhttps:\/\/pareenricosso-fet-hospitaletllobregat.educamos.com\u00bb][vc_empty_space][vc_column_text css=\u00bb.vc_custom_1675847130532{padding-right: 40px !important;padding-left: 40px !important;}\u00bb]<\/p>\n<h4 class=\"qode-info-card-title\" style=\"text-align: center;\">EDUCAMOS: plataforma de comunicaci\u00f3n<\/h4>\n<p>&nbsp;<\/p>\n<p style=\"text-align: center;\">Educamos es una plataforma educativa que integra los procesos pedag\u00f3gicos, de gesti\u00f3n y comunicaci\u00f3n del colegio. Favorece una comunicaci\u00f3n \u00e1gil y directa con las familias y permite tener informaci\u00f3n puntual del desarrollo acad\u00e9mico de sus hijos.<\/p>\n<p>[\/vc_column_text][vc_empty_space]<a  itemprop=\"url\" href=\"https:\/\/pareenricosso-fet-hospitaletllobregat.educamos.com\" target=\"_blank\"  class=\"qbutton  large center default\" style=\"border-radius: 0px;-moz-border-radius: 0px;-webkit-border-radius: 0px; \">ENTRAR EN EDUCAMOS<\/a>[vc_empty_space][\/vc_column][\/vc_row][vc_row css_animation=\u00bb\u00bb row_type=\u00bbrow\u00bb use_row_as_full_screen_section=\u00bbno\u00bb type=\u00bbfull_width\u00bb angled_section=\u00bbno\u00bb text_align=\u00bbleft\u00bb background_image_as_pattern=\u00bbwithout_pattern\u00bb z_index=\u00bb\u00bb background_color=\u00bb#ffffff\u00bb][vc_column][vc_empty_space][\/vc_column][\/vc_row]<\/p>\n","protected":false},"excerpt":{"rendered":"<p>[vc_row css_animation=\u00bb\u00bb row_type=\u00bbrow\u00bb use_row_as_full_screen_section=\u00bbno\u00bb type=\u00bbfull_width\u00bb angled_section=\u00bbno\u00bb text_align=\u00bbleft\u00bb background_image_as_pattern=\u00bbwithout_pattern\u00bb][vc_column][qode_elements_holder number_of_columns=\u00bbtwo_columns\u00bb][qode_elements_holder_item advanced_animations=\u00bbno\u00bb][vc_single_image image=\u00bb2823&#8243; img_size=\u00bbfull\u00bb qode_css_animation=\u00bb\u00bb][\/qode_elements_holder_item][qode_elements_holder_item cover=\u00bbyes\u00bb advanced_animations=\u00bbno\u00bb item_padding=\u00bb0px 30px 0px 30px\u00bb background_image=\u00bb739&#8243;][vc_column_text] EDUCAMOS JUNTOS \u201cEntrar en la escuela es como entrar en nuestra casa. Valoramos el trato cercano que recibimos, basado en la confianza mutua y el&#8230;<\/p>\n","protected":false},"author":1,"featured_media":0,"parent":0,"menu_order":0,"comment_status":"closed","ping_status":"closed","template":"full_width.php","meta":{"footnotes":""},"class_list":["post-3110","page","type-page","status-publish","hentry"],"_links":{"self":[{"href":"https:\/\/bellvitge.escolateresiana.com\/es\/wp-json\/wp\/v2\/pages\/3110","targetHints":{"allow":["GET"]}}],"collection":[{"href":"https:\/\/bellvitge.escolateresiana.com\/es\/wp-json\/wp\/v2\/pages"}],"about":[{"href":"https:\/\/bellvitge.escolateresiana.com\/es\/wp-json\/wp\/v2\/types\/page"}],"author":[{"embeddable":true,"href":"https:\/\/bellvitge.escolateresiana.com\/es\/wp-json\/wp\/v2\/users\/1"}],"replies":[{"embeddable":true,"href":"https:\/\/bellvitge.escolateresiana.com\/es\/wp-json\/wp\/v2\/comments?post=3110"}],"version-history":[{"count":5,"href":"https:\/\/bellvitge.escolateresiana.com\/es\/wp-json\/wp\/v2\/pages\/3110\/revisions"}],"predecessor-version":[{"id":3389,"href":"https:\/\/bellvitge.escolateresiana.com\/es\/wp-json\/wp\/v2\/pages\/3110\/revisions\/3389"}],"wp:attachment":[{"href":"https:\/\/bellvitge.escolateresiana.com\/es\/wp-json\/wp\/v2\/media?parent=3110"}],"curies":[{"name":"wp","href":"https:\/\/api.w.org\/{rel}","templated":true}]}}