{"id":3179,"date":"2022-11-09T10:07:06","date_gmt":"2022-11-09T10:07:06","guid":{"rendered":"https:\/\/bellvitge.escolateresiana.com\/opciones-pedagogicas\/"},"modified":"2024-05-23T08:24:35","modified_gmt":"2024-05-23T08:24:35","slug":"opciones-pedagogicas","status":"publish","type":"page","link":"https:\/\/bellvitge.escolateresiana.com\/es\/opciones-pedagogicas\/","title":{"rendered":"Opciones pedag\u00f3gicas"},"content":{"rendered":"<p>[vc_row css_animation=\u00bb\u00bb row_type=\u00bbrow\u00bb use_row_as_full_screen_section=\u00bbno\u00bb type=\u00bbfull_width\u00bb angled_section=\u00bbno\u00bb text_align=\u00bbleft\u00bb background_image_as_pattern=\u00bbwithout_pattern\u00bb css=\u00bb.vc_custom_1668595163832{background-color: #ffffff !important;}\u00bb z_index=\u00bb\u00bb][vc_column][qode_elements_holder number_of_columns=\u00bbtwo_columns\u00bb][qode_elements_holder_item advanced_animations=\u00bbno\u00bb item_padding=\u00bb0px 50px 0px 50px\u00bb][vc_column_text]<\/p>\n<h3><span style=\"color: #45ac34;\">PIR\u00c1MIDE DE APRENDIZAJE<\/span><\/h3>\n<p>&nbsp;<\/p>\n<div>\n<p>Nuestro modelo pedag\u00f3gico se expresa mediante la <strong>pir\u00e1mide de aprendizaje<\/strong>, que representa de manera esquem\u00e1tica nuestros principios pedag\u00f3gicos y modos de educar. En la c\u00faspide situamos el modelo de las inteligencias m\u00faltiples. En un segundo nivel, podemos identificar la dimensi\u00f3n comunitaria y personalizadora del aprendizaje. En tercer lugar, tres modelos concretos por los que optamos: la cultura del pensamiento, la cultura de la creatividad y el aprendizaje y servicio\/emprendimiento.<\/p>\n<\/div>\n<p>[\/vc_column_text][\/qode_elements_holder_item][qode_elements_holder_item advanced_animations=\u00bbno\u00bb][vc_single_image image=\u00bb2861&#8243; img_size=\u00bbfull\u00bb qode_css_animation=\u00bb\u00bb][\/qode_elements_holder_item][\/qode_elements_holder][\/vc_column][\/vc_row][vc_row css_animation=\u00bb\u00bb row_type=\u00bbrow\u00bb use_row_as_full_screen_section=\u00bbno\u00bb type=\u00bbgrid\u00bb angled_section=\u00bbno\u00bb text_align=\u00bbleft\u00bb background_image_as_pattern=\u00bbwithout_pattern\u00bb z_index=\u00bb\u00bb padding_top=\u00bb60&#8243; padding_bottom=\u00bb30&#8243;][vc_column width=\u00bb1\/6&#8243;][\/vc_column][vc_column width=\u00bb1\/6&#8243;][\/vc_column][vc_column css_animation=\u00bbfadeInDown\u00bb width=\u00bb1\/3&#8243;]<div class='q_icon_with_title very_large custom_icon_image center '><div class=\"icon_holder \" style=\" \"><img decoding=\"async\" itemprop=\"image\" style=\"\" src=\"https:\/\/bellvitge.escolateresiana.com\/wp-content\/uploads\/2022\/11\/1.png\" alt=\"\"><\/div><div class=\"icon_text_holder\" style=\"\"><div class=\"icon_text_inner\" style=\"\"><h4 class=\"icon_title\" style=\"color: #febe70;\">INTELIGENCIAS M\u00daLTIPLES Y ESPIRITUAL<\/h4><p style=''><\/p><\/div><\/div><\/div>[vc_column_text]<\/p>\n<p style=\"text-align: center;\">Hoy sabemos que no todos aprendemos por igual.<\/p>\n<p style=\"text-align: center;\">El desarrollo de las <strong>inteligencias m\u00faltiples<\/strong> de cada alumna y alumno permitir\u00e1 que llegue al mayor grado de aprendizaje, descubra sus dones personales y conecte con lo que pueda llegar a ser la pasi\u00f3n de su vida.<\/p>\n<p>[\/vc_column_text][\/vc_column][vc_column width=\u00bb1\/6&#8243;][\/vc_column][vc_column width=\u00bb1\/6&#8243;][\/vc_column][\/vc_row][vc_row css_animation=\u00bb\u00bb row_type=\u00bbrow\u00bb use_row_as_full_screen_section=\u00bbno\u00bb type=\u00bbgrid\u00bb angled_section=\u00bbno\u00bb text_align=\u00bbleft\u00bb background_image_as_pattern=\u00bbwithout_pattern\u00bb z_index=\u00bb\u00bb padding_bottom=\u00bb30&#8243;][vc_column width=\u00bb1\/6&#8243;][\/vc_column][vc_column css_animation=\u00bbfadeInDown\u00bb width=\u00bb1\/3&#8243;]<div class='q_icon_with_title very_large custom_icon_image center '><div class=\"icon_holder \" style=\" \"><img decoding=\"async\" itemprop=\"image\" style=\"\" src=\"https:\/\/bellvitge.escolateresiana.com\/wp-content\/uploads\/2022\/11\/2.png\" alt=\"\"><\/div><div class=\"icon_text_holder\" style=\"\"><div class=\"icon_text_inner\" style=\"\"><h4 class=\"icon_title\" style=\"color: #fea4b3;\">COMUNIDADES QUE APRENDEN<\/h4><p style=''><\/p><\/div><\/div><\/div>[vc_column_text]<\/p>\n<p style=\"text-align: center;\">Queremos traspasar los l\u00edmites del aula y del centro escolar para comprender las nuevas tendencias que fluyen en el entorno y el mundo. La escuela teresiana fomenta el <strong>sentido de comunidad<\/strong>, cohesionada, donde todos se vuelven aprendices: profesorado, familias y alumnado.<\/p>\n<p style=\"text-align: center;\">En el futuro, nuestro deseo es que nuestros ni\u00f1os y j\u00f3venes sepan trabajar en equipo, por eso optamos por un modelo de aprendizaje cooperativo que potencie la riqueza de habilidades de cada uno puesta al servicio del bien com\u00fan.<\/p>\n<p>[\/vc_column_text][\/vc_column][vc_column css_animation=\u00bbfadeInDown\u00bb width=\u00bb1\/3&#8243;]<div class='q_icon_with_title very_large custom_icon_image center '><div class=\"icon_holder \" style=\" \"><img decoding=\"async\" itemprop=\"image\" style=\"\" src=\"https:\/\/bellvitge.escolateresiana.com\/wp-content\/uploads\/2022\/11\/3.png\" alt=\"\"><\/div><div class=\"icon_text_holder\" style=\"\"><div class=\"icon_text_inner\" style=\"\"><h4 class=\"icon_title\" style=\"color: #fe9cfc;\">PERSONALIZACI\u00d3N<\/h4><p style=''><\/p><\/div><\/div><\/div>[vc_column_text]<\/p>\n<p style=\"text-align: center;\">La <strong>persona<\/strong> es el <strong>centro<\/strong> de nuestra misi\u00f3n. Cada uno es importante y v\u00e1lido por lo que es. Educar se convierte pues en la experiencia de que cada persona conecte con su interior, con sus potencialidades y limitaciones. De este modo podr\u00e1 crecer en armon\u00eda, en relaci\u00f3n a s\u00ed misma, con los dem\u00e1s, con el mundo y abierta a Dios.<\/p>\n<p>[\/vc_column_text][\/vc_column][vc_column width=\u00bb1\/6&#8243;][\/vc_column][\/vc_row][vc_row css_animation=\u00bb\u00bb row_type=\u00bbrow\u00bb use_row_as_full_screen_section=\u00bbno\u00bb type=\u00bbgrid\u00bb angled_section=\u00bbno\u00bb text_align=\u00bbleft\u00bb background_image_as_pattern=\u00bbwithout_pattern\u00bb z_index=\u00bb\u00bb padding_bottom=\u00bb60&#8243;][vc_column css_animation=\u00bbfadeInDown\u00bb width=\u00bb1\/3&#8243;]<div class='q_icon_with_title very_large custom_icon_image center '><div class=\"icon_holder \" style=\" \"><img decoding=\"async\" itemprop=\"image\" style=\"\" src=\"https:\/\/bellvitge.escolateresiana.com\/wp-content\/uploads\/2022\/11\/4.png\" alt=\"\"><\/div><div class=\"icon_text_holder\" style=\"\"><div class=\"icon_text_inner\" style=\"\"><h4 class=\"icon_title\" style=\"color: #af58fa;\">CULTURA DEL PENSAMIENTO<\/h4><p style=''><\/p><\/div><\/div><\/div>[vc_column_text]<\/p>\n<p style=\"text-align: center;\"><strong>La facultad de discurrir es la m\u00e1s noble y m\u00e1s importante del alma<\/strong>. En nuestro modelo pedag\u00f3gico priorizamos <strong>ense\u00f1ar a pensar<\/strong> a nuestro alumnado, conseguir que se conviertan en personas aut\u00f3nomas con destrezas para resolver los problemas y tomar decisiones.<\/p>\n<p style=\"text-align: center;\">Utilizamos diferentes estrategias para conseguir que el alumnado desarrolle un pensamiento reflexivo, profundo y cr\u00edtico.<\/p>\n<p>[\/vc_column_text][\/vc_column][vc_column css_animation=\u00bbfadeInDown\u00bb width=\u00bb1\/3&#8243;]<div class='q_icon_with_title very_large custom_icon_image center '><div class=\"icon_holder \" style=\" \"><img decoding=\"async\" itemprop=\"image\" style=\"\" src=\"https:\/\/bellvitge.escolateresiana.com\/wp-content\/uploads\/2022\/11\/5.png\" alt=\"\"><\/div><div class=\"icon_text_holder\" style=\"\"><div class=\"icon_text_inner\" style=\"\"><h4 class=\"icon_title\" style=\"color: #95dafd;\">CULTURA DE CREATIVIDAD<\/h4><p style=''><\/p><\/div><\/div><\/div>[vc_column_text]<\/p>\n<p style=\"text-align: center;\">La creatividad es <strong>fuente de enriquecimiento,<\/strong> generadora de <strong>cambio<\/strong>. La educaci\u00f3n teresiana posibilita procesos de <strong>metacognici\u00f3n<\/strong> en los que la creatividad se erige como factor clave en la resoluci\u00f3n de los \u201cproblemas\u201d del d\u00eda a d\u00eda. As\u00ed, intentamos que nuestro alumnado se interrogue y contemple siempre nuevas opciones, a fin de generar soluciones ingeniosas.<\/p>\n<p style=\"text-align: center;\">Los proyectos interdisciplinares, el aprendizaje basado en problemas, la gamificaci\u00f3n, el Design Thinking, las Flipped Classrooms (aulas invertidas), etc. favorecen estos procesos de investigaci\u00f3n, exploraci\u00f3n, codificaci\u00f3n\u2026 hasta generar conocimiento y encontrar m\u00faltiples soluciones.<\/p>\n<p>[\/vc_column_text][\/vc_column][vc_column css_animation=\u00bbfadeInDown\u00bb width=\u00bb1\/3&#8243;]<div class='q_icon_with_title very_large custom_icon_image center '><div class=\"icon_holder \" style=\" \"><img decoding=\"async\" itemprop=\"image\" style=\"\" src=\"https:\/\/bellvitge.escolateresiana.com\/wp-content\/uploads\/2022\/11\/6.png\" alt=\"\"><\/div><div class=\"icon_text_holder\" style=\"\"><div class=\"icon_text_inner\" style=\"\"><h4 class=\"icon_title\" style=\"color: #9dda89;\">APRENDIZAJE Y SERVICIO, EMPRENDEDORES<\/h4><p style=''><\/p><\/div><\/div><\/div>[vc_column_text]<\/p>\n<p style=\"text-align: center;\">La educaci\u00f3n teresiana tiene como objetivo educar <strong>a ciudadanos comprometidos<\/strong>, capaces de transformar su entorno y generar un profundo cambio social. La clave principal se encuentra en que se aprende mediante la <strong>acci\u00f3n<\/strong> y el <strong>compromiso social<\/strong>, a trav\u00e9s de metodolog\u00edas como el <strong>ApS<\/strong> (Aprendizaje y Servicio) y otros proyectos que fomentan el emprendimiento social.<\/p>\n<p>[\/vc_column_text][\/vc_column][\/vc_row][vc_row css_animation=\u00bb\u00bb row_type=\u00bbrow\u00bb use_row_as_full_screen_section=\u00bbno\u00bb type=\u00bbfull_width\u00bb angled_section=\u00bbno\u00bb text_align=\u00bbleft\u00bb background_image_as_pattern=\u00bbwithout_pattern\u00bb][vc_column][vc_gallery type=\u00bbimage_grid\u00bb images=\u00bb2862,2863,2864,2865&#8243; img_size=\u00bbfull\u00bb column_number=\u00bb4&#8243; grayscale=\u00bbno\u00bb images_space=\u00bbgallery_without_space\u00bb][\/vc_column][\/vc_row]<\/p>\n","protected":false},"excerpt":{"rendered":"<p>[vc_row css_animation=\u00bb\u00bb row_type=\u00bbrow\u00bb use_row_as_full_screen_section=\u00bbno\u00bb type=\u00bbfull_width\u00bb angled_section=\u00bbno\u00bb text_align=\u00bbleft\u00bb background_image_as_pattern=\u00bbwithout_pattern\u00bb css=\u00bb.vc_custom_1668595163832{background-color: #ffffff !important;}\u00bb z_index=\u00bb\u00bb][vc_column][qode_elements_holder number_of_columns=\u00bbtwo_columns\u00bb][qode_elements_holder_item advanced_animations=\u00bbno\u00bb item_padding=\u00bb0px 50px 0px 50px\u00bb][vc_column_text] PIR\u00c1MIDE DE APRENDIZAJE &nbsp; Nuestro modelo pedag\u00f3gico se expresa mediante la pir\u00e1mide de aprendizaje, que representa de manera esquem\u00e1tica nuestros principios pedag\u00f3gicos y modos de educar. En&#8230;<\/p>\n","protected":false},"author":1,"featured_media":0,"parent":0,"menu_order":0,"comment_status":"closed","ping_status":"closed","template":"full_width.php","meta":{"footnotes":""},"class_list":["post-3179","page","type-page","status-publish","hentry"],"_links":{"self":[{"href":"https:\/\/bellvitge.escolateresiana.com\/es\/wp-json\/wp\/v2\/pages\/3179","targetHints":{"allow":["GET"]}}],"collection":[{"href":"https:\/\/bellvitge.escolateresiana.com\/es\/wp-json\/wp\/v2\/pages"}],"about":[{"href":"https:\/\/bellvitge.escolateresiana.com\/es\/wp-json\/wp\/v2\/types\/page"}],"author":[{"embeddable":true,"href":"https:\/\/bellvitge.escolateresiana.com\/es\/wp-json\/wp\/v2\/users\/1"}],"replies":[{"embeddable":true,"href":"https:\/\/bellvitge.escolateresiana.com\/es\/wp-json\/wp\/v2\/comments?post=3179"}],"version-history":[{"count":4,"href":"https:\/\/bellvitge.escolateresiana.com\/es\/wp-json\/wp\/v2\/pages\/3179\/revisions"}],"predecessor-version":[{"id":3430,"href":"https:\/\/bellvitge.escolateresiana.com\/es\/wp-json\/wp\/v2\/pages\/3179\/revisions\/3430"}],"wp:attachment":[{"href":"https:\/\/bellvitge.escolateresiana.com\/es\/wp-json\/wp\/v2\/media?parent=3179"}],"curies":[{"name":"wp","href":"https:\/\/api.w.org\/{rel}","templated":true}]}}